{"id":528,"date":"2016-03-11T16:23:35","date_gmt":"2016-03-11T16:23:35","guid":{"rendered":"https:\/\/www.pastisseriagirones.cat\/?page_id=528"},"modified":"2025-11-17T17:31:32","modified_gmt":"2025-11-17T16:31:32","slug":"historia","status":"publish","type":"page","link":"https:\/\/www.pastisseriagirones.cat\/en\/historia\/","title":{"rendered":"History"},"content":{"rendered":"<div data-elementor-type=\"wp-page\" data-elementor-id=\"528\" class=\"elementor elementor-528\" data-elementor-post-type=\"page\">\n\t\t\t\t\t\t<section class=\"elementor-section elementor-top-section elementor-element elementor-element-269fb068 elementor-section-full_width elementor-section-height-default elementor-section-height-default\" data-id=\"269fb068\" data-element_type=\"section\" data-e-type=\"section\">\n\t\t\t\t\t\t<div class=\"elementor-container elementor-column-gap-default\">\n\t\t\t\t\t<div class=\"elementor-column elementor-col-100 elementor-top-column elementor-element elementor-element-40b39bd8\" data-id=\"40b39bd8\" data-element_type=\"column\" data-e-type=\"column\">\n\t\t\t<div class=\"elementor-widget-wrap elementor-element-populated\">\n\t\t\t\t\t\t<div class=\"elementor-element elementor-element-73ac92c0 elementor-widget elementor-widget-text-editor\" data-id=\"73ac92c0\" data-element_type=\"widget\" data-e-type=\"widget\" data-widget_type=\"text-editor.default\">\n\t\t\t\t<div class=\"elementor-widget-container\">\n\t\t\t\t\t\t\t\t\t<p class=\"translation-block\">The <strong>Pastisseria Giron\u00e8s<\/strong> in <strong>Sant Feliu de Gu\u00edxols<\/strong> opened to the public in 1962. Its owner, <strong>Albert Giron\u00e8s Costa<\/strong>, after a long and successful professional history, wanted to settle in his hometown, but first we explain his long journey to reach this milestone.<\/p><p>He began his career at the Hostal la Gavina in S'Agar\u00f3 in 1945. Two years later, he joined the Viuda Pag\u00e8s \u201cCan Pl\u00e1cido\u201d pastry shop as an assistant at a time \u2013 the end of the Spanish Civil War \u2013 when basic necessities were not available.<\/p><p>After a while he saw that this was his job and Sant Feliu de Gu\u00edxols was too small for him; that's how he started working in a prestigious pastry shop in Barcelona. Years later, at the age of 26, he was offered a job at the well-known Pastisseria La Lyonesa on Porta Ferrissa Street as a first-class officer. He immediately became part of the guild group and a teacher at the pastry school located in Vall Doreix and at the same school in Barcelona. For a few years he went to the School of Fine Arts to learn to paint and model.<\/p><p>In 1955 the Barcelona guild called a provincial competition, in which he came first, winning the gold medal. In June he went to Madrid to compete in a national competition. There he came first again, therefore becoming Spanish champion in this specialty. As a prize he received a gold medal, a cup and a diploma awarded by the Head of State himself at the Palacio de la Zarzuela. He also received a cash prize.<\/p>\t\t\t\t\t\t\t\t<\/div>\n\t\t\t\t<\/div>\n\t\t\t\t<div class=\"elementor-element elementor-element-15725e7 elementor-widget elementor-widget-image\" data-id=\"15725e7\" data-element_type=\"widget\" data-e-type=\"widget\" data-widget_type=\"image.default\">\n\t\t\t\t<div class=\"elementor-widget-container\">\n\t\t\t\t\t\t\t\t\t\t\t\t<figure class=\"wp-caption\">\n\t\t\t\t\t\t\t\t\t\t<img fetchpriority=\"high\" decoding=\"async\" width=\"1200\" height=\"787\" src=\"https:\/\/www.pastisseriagirones.cat\/wp-content\/uploads\/2022\/12\/Pastisseria-Girones-Historia-1.jpg\" class=\"attachment-full size-full wp-image-5050\" alt=\"History \u2013 Pastisseria Giron\u00e8s\" srcset=\"https:\/\/www.pastisseriagirones.cat\/wp-content\/uploads\/2022\/12\/Pastisseria-Girones-Historia-1.jpg 1200w, https:\/\/www.pastisseriagirones.cat\/wp-content\/uploads\/2022\/12\/Pastisseria-Girones-Historia-1-300x197.jpg 300w\" sizes=\"(max-width: 1200px) 100vw, 1200px\" \/>\t\t\t\t\t\t\t\t\t\t\t<figcaption class=\"widget-image-caption wp-caption-text\">Madrid 18 July 1955. Albert Giron\u00e8s Costa receives the Champion of Spain cup from the union authorities<\/figcaption>\n\t\t\t\t\t\t\t\t\t\t<\/figure>\n\t\t\t\t\t\t\t\t\t<\/div>\n\t\t\t\t<\/div>\n\t\t\t\t<div class=\"elementor-element elementor-element-b972325 elementor-widget elementor-widget-text-editor\" data-id=\"b972325\" data-element_type=\"widget\" data-e-type=\"widget\" data-widget_type=\"text-editor.default\">\n\t\t\t\t<div class=\"elementor-widget-container\">\n\t\t\t\t\t\t\t\t\t<p>In 1958, the Brussels World Expo was held and he was sent, along with two other professional colleagues, for a whole week as Spain's representative in the food pavilion, exhibiting his works in the showcases of the stand. That was the year he married his beloved Montserrat Dom\u00e8nech, whom he met while working in his brother's pastry shop, in the Sant Andreu neighborhood of Barcelona.<\/p>\t\t\t\t\t\t\t\t<\/div>\n\t\t\t\t<\/div>\n\t\t\t\t<div class=\"elementor-element elementor-element-0481a4d elementor-widget elementor-widget-image\" data-id=\"0481a4d\" data-element_type=\"widget\" data-e-type=\"widget\" data-widget_type=\"image.default\">\n\t\t\t\t<div class=\"elementor-widget-container\">\n\t\t\t\t\t\t\t\t\t\t\t\t<figure class=\"wp-caption\">\n\t\t\t\t\t\t\t\t\t\t<img decoding=\"async\" width=\"1200\" height=\"832\" src=\"https:\/\/www.pastisseriagirones.cat\/wp-content\/uploads\/2022\/12\/Pastisseria-Girones-Historia-2.jpg\" class=\"attachment-full size-full wp-image-5051\" alt=\"History \u2013 Pastisseria Giron\u00e8s\" srcset=\"https:\/\/www.pastisseriagirones.cat\/wp-content\/uploads\/2022\/12\/Pastisseria-Girones-Historia-2.jpg 1200w, https:\/\/www.pastisseriagirones.cat\/wp-content\/uploads\/2022\/12\/Pastisseria-Girones-Historia-2-300x208.jpg 300w\" sizes=\"(max-width: 1200px) 100vw, 1200px\" \/>\t\t\t\t\t\t\t\t\t\t\t<figcaption class=\"widget-image-caption wp-caption-text\">February 1965. Albert Giron\u00e8s, in his workshop, giving a chocolate class to students from the province of Girona<\/figcaption>\n\t\t\t\t\t\t\t\t\t\t<\/figure>\n\t\t\t\t\t\t\t\t\t<\/div>\n\t\t\t\t<\/div>\n\t\t\t\t<div class=\"elementor-element elementor-element-d300823 elementor-widget elementor-widget-text-editor\" data-id=\"d300823\" data-element_type=\"widget\" data-e-type=\"widget\" data-widget_type=\"text-editor.default\">\n\t\t\t\t<div class=\"elementor-widget-container\">\n\t\t\t\t\t\t\t\t\t<p>From that year on, he participated in a series of courses and taught at schools outside Catalonia, also participating in artistic pastry competitions... and obtaining countless recognitions and awards.<\/p>\t\t\t\t\t\t\t\t<\/div>\n\t\t\t\t<\/div>\n\t\t\t\t<div class=\"elementor-element elementor-element-8fa6de9 elementor-widget elementor-widget-image\" data-id=\"8fa6de9\" data-element_type=\"widget\" data-e-type=\"widget\" data-widget_type=\"image.default\">\n\t\t\t\t<div class=\"elementor-widget-container\">\n\t\t\t\t\t\t\t\t\t\t\t\t<figure class=\"wp-caption\">\n\t\t\t\t\t\t\t\t\t\t<img decoding=\"async\" width=\"1200\" height=\"885\" src=\"https:\/\/www.pastisseriagirones.cat\/wp-content\/uploads\/2022\/12\/Pastisseria-Girones-Historia-3.jpg\" class=\"attachment-full size-full wp-image-5052\" alt=\"History \u2013 Pastisseria Giron\u00e8s\" srcset=\"https:\/\/www.pastisseriagirones.cat\/wp-content\/uploads\/2022\/12\/Pastisseria-Girones-Historia-3.jpg 1200w, https:\/\/www.pastisseriagirones.cat\/wp-content\/uploads\/2022\/12\/Pastisseria-Girones-Historia-3-300x221.jpg 300w\" sizes=\"(max-width: 1200px) 100vw, 1200px\" \/>\t\t\t\t\t\t\t\t\t\t\t<figcaption class=\"widget-image-caption wp-caption-text\">1963. Porta Ferrada made entirely of chocolate by Albert Giron\u00e8s Costa in the pastry shop on Sant Joan Street. Weight: about 43 kilos<\/figcaption>\n\t\t\t\t\t\t\t\t\t\t<\/figure>\n\t\t\t\t\t\t\t\t\t<\/div>\n\t\t\t\t<\/div>\n\t\t\t\t<div class=\"elementor-element elementor-element-c4aa839 elementor-widget elementor-widget-image\" data-id=\"c4aa839\" data-element_type=\"widget\" data-e-type=\"widget\" data-widget_type=\"image.default\">\n\t\t\t\t<div class=\"elementor-widget-container\">\n\t\t\t\t\t\t\t\t\t\t\t\t<figure class=\"wp-caption\">\n\t\t\t\t\t\t\t\t\t\t<img loading=\"lazy\" decoding=\"async\" width=\"967\" height=\"1200\" src=\"https:\/\/www.pastisseriagirones.cat\/wp-content\/uploads\/2022\/12\/Pastisseria-Girones-Historia-4.jpg\" class=\"attachment-full size-full wp-image-5053\" alt=\"History \u2013 Pastisseria Giron\u00e8s\" srcset=\"https:\/\/www.pastisseriagirones.cat\/wp-content\/uploads\/2022\/12\/Pastisseria-Girones-Historia-4.jpg 967w, https:\/\/www.pastisseriagirones.cat\/wp-content\/uploads\/2022\/12\/Pastisseria-Girones-Historia-4-242x300.jpg 242w\" sizes=\"(max-width: 967px) 100vw, 967px\" \/>\t\t\t\t\t\t\t\t\t\t\t<figcaption class=\"widget-image-caption wp-caption-text\">New store at 18 Sant Joan Street. 1967<\/figcaption>\n\t\t\t\t\t\t\t\t\t\t<\/figure>\n\t\t\t\t\t\t\t\t\t<\/div>\n\t\t\t\t<\/div>\n\t\t\t\t<div class=\"elementor-element elementor-element-1ef008e elementor-widget elementor-widget-text-editor\" data-id=\"1ef008e\" data-element_type=\"widget\" data-e-type=\"widget\" data-widget_type=\"text-editor.default\">\n\t\t\t\t<div class=\"elementor-widget-container\">\n\t\t\t\t\t\t\t\t\t<p>On June 9, 1962, after much work on the chosen premises, he inaugurated the pastry shop in Sant Feliu de Gu\u00edxols, at 18 Sant Joan Street. In front of the shop, his wife Montserrat, along with 4 or five other people between the shop and the workshop.<\/p>\t\t\t\t\t\t\t\t<\/div>\n\t\t\t\t<\/div>\n\t\t\t\t<div class=\"elementor-element elementor-element-356a83a elementor-widget elementor-widget-image\" data-id=\"356a83a\" data-element_type=\"widget\" data-e-type=\"widget\" data-widget_type=\"image.default\">\n\t\t\t\t<div class=\"elementor-widget-container\">\n\t\t\t\t\t\t\t\t\t\t\t\t<figure class=\"wp-caption\">\n\t\t\t\t\t\t\t\t\t\t<img loading=\"lazy\" decoding=\"async\" width=\"1174\" height=\"792\" src=\"https:\/\/www.pastisseriagirones.cat\/wp-content\/uploads\/2022\/12\/Pastisseria-Girones-Historia-5.jpg\" class=\"attachment-full size-full wp-image-5054\" alt=\"History \u2013 Pastisseria Giron\u00e8s\" srcset=\"https:\/\/www.pastisseriagirones.cat\/wp-content\/uploads\/2022\/12\/Pastisseria-Girones-Historia-5.jpg 1174w, https:\/\/www.pastisseriagirones.cat\/wp-content\/uploads\/2022\/12\/Pastisseria-Girones-Historia-5-300x202.jpg 300w, https:\/\/www.pastisseriagirones.cat\/wp-content\/uploads\/2022\/12\/Pastisseria-Girones-Historia-5-400x270.jpg 400w\" sizes=\"(max-width: 1174px) 100vw, 1174px\" \/>\t\t\t\t\t\t\t\t\t\t\t<figcaption class=\"widget-image-caption wp-caption-text\">1967. Staff at the Pastisseria Giron\u00e8s on Sant Joan Street<\/figcaption>\n\t\t\t\t\t\t\t\t\t\t<\/figure>\n\t\t\t\t\t\t\t\t\t<\/div>\n\t\t\t\t<\/div>\n\t\t\t\t<div class=\"elementor-element elementor-element-15c2831 elementor-widget elementor-widget-text-editor\" data-id=\"15c2831\" data-element_type=\"widget\" data-e-type=\"widget\" data-widget_type=\"text-editor.default\">\n\t\t\t\t<div class=\"elementor-widget-container\">\n\t\t\t\t\t\t\t\t\t<p>In 1973, the transfer to the new premises was formalized, located at Anselm Clav\u00e9 Street number 7. The costly works and renovations lasted eight months. On December 7, 1974, the new pastry shop was inaugurated. From then on, it was possible to work more comfortably, since the new premises were larger and more services could be offered.<\/p>\t\t\t\t\t\t\t\t<\/div>\n\t\t\t\t<\/div>\n\t\t\t\t<div class=\"elementor-element elementor-element-364d7cb elementor-widget elementor-widget-image\" data-id=\"364d7cb\" data-element_type=\"widget\" data-e-type=\"widget\" data-widget_type=\"image.default\">\n\t\t\t\t<div class=\"elementor-widget-container\">\n\t\t\t\t\t\t\t\t\t\t\t\t<figure class=\"wp-caption\">\n\t\t\t\t\t\t\t\t\t\t<img loading=\"lazy\" decoding=\"async\" width=\"811\" height=\"1200\" src=\"https:\/\/www.pastisseriagirones.cat\/wp-content\/uploads\/2022\/12\/Pastisseria-Girones-Historia-6.jpg\" class=\"attachment-full size-full wp-image-5055\" alt=\"History \u2013 Pastisseria Giron\u00e8s\" srcset=\"https:\/\/www.pastisseriagirones.cat\/wp-content\/uploads\/2022\/12\/Pastisseria-Girones-Historia-6.jpg 811w, https:\/\/www.pastisseriagirones.cat\/wp-content\/uploads\/2022\/12\/Pastisseria-Girones-Historia-6-203x300.jpg 203w\" sizes=\"(max-width: 811px) 100vw, 811px\" \/>\t\t\t\t\t\t\t\t\t\t\t<figcaption class=\"widget-image-caption wp-caption-text\">The new Pastisseria Giron\u00e8s, opened on December 7, 1974<\/figcaption>\n\t\t\t\t\t\t\t\t\t\t<\/figure>\n\t\t\t\t\t\t\t\t\t<\/div>\n\t\t\t\t<\/div>\n\t\t\t\t<div class=\"elementor-element elementor-element-0e2830a elementor-widget elementor-widget-text-editor\" data-id=\"0e2830a\" data-element_type=\"widget\" data-e-type=\"widget\" data-widget_type=\"text-editor.default\">\n\t\t\t\t<div class=\"elementor-widget-container\">\n\t\t\t\t\t\t\t\t\t<p>The son Albert had already joined the workshop two years earlier. In 1978 he married Mariona and she also joined the shop's office. The daughter, Montse Giron\u00e8s, was also in the business for a long time.<\/p><p>That same year, his fourth book was published, entitled \u201cColor and flavor of cakes\u201d, published by Montagut Editores.<\/p><p>On February 25, 1991, in an event held at the Tecnoalimentaria salon, the magazine La Confiter\u00eda Espa\u00f1ola presented him with the gold pen as an honorary collaborator for 40 years writing and publishing in this magazine.<\/p>\t\t\t\t\t\t\t\t<\/div>\n\t\t\t\t<\/div>\n\t\t\t\t<div class=\"elementor-element elementor-element-573ea12 elementor-widget elementor-widget-image\" data-id=\"573ea12\" data-element_type=\"widget\" data-e-type=\"widget\" data-widget_type=\"image.default\">\n\t\t\t\t<div class=\"elementor-widget-container\">\n\t\t\t\t\t\t\t\t\t\t\t\t<figure class=\"wp-caption\">\n\t\t\t\t\t\t\t\t\t\t<img loading=\"lazy\" decoding=\"async\" width=\"1200\" height=\"688\" src=\"https:\/\/www.pastisseriagirones.cat\/wp-content\/uploads\/2022\/12\/Pastisseria-Girones-Historia-7.jpg\" class=\"attachment-full size-full wp-image-5056\" alt=\"History \u2013 Pastisseria Giron\u00e8s\" srcset=\"https:\/\/www.pastisseriagirones.cat\/wp-content\/uploads\/2022\/12\/Pastisseria-Girones-Historia-7.jpg 1200w, https:\/\/www.pastisseriagirones.cat\/wp-content\/uploads\/2022\/12\/Pastisseria-Girones-Historia-7-300x172.jpg 300w\" sizes=\"(max-width: 1200px) 100vw, 1200px\" \/>\t\t\t\t\t\t\t\t\t\t\t<figcaption class=\"widget-image-caption wp-caption-text\">March 2000. Bakery of the new pastisseria Giron\u00e8s. Carrer Clav\u00e9, 7<\/figcaption>\n\t\t\t\t\t\t\t\t\t\t<\/figure>\n\t\t\t\t\t\t\t\t\t<\/div>\n\t\t\t\t<\/div>\n\t\t\t\t<div class=\"elementor-element elementor-element-f08f9f1 elementor-widget elementor-widget-text-editor\" data-id=\"f08f9f1\" data-element_type=\"widget\" data-e-type=\"widget\" data-widget_type=\"text-editor.default\">\n\t\t\t\t<div class=\"elementor-widget-container\">\n\t\t\t\t\t\t\t\t\t<p class=\"translation-block\">In 2004, when the son decided not to continue with the profession and he was already 73 years old, they transferred the business to the great professional <strong>Lluis Chamorro<\/strong> and his wife <strong>Fina Pla<\/strong>.<br>Let us note the main awards achieved by Albert Giron\u00e8s Costa in his pastry shops:<\/p><ul><li>1955 \u2013 Barcelona. Skill competition in the trade. 1st prize, gold medal.<\/li><li>1955 \u2013 Madrid. National competition 1st prize, gold medal, diploma and cash prize.<\/li><li>1957 \u2013 Barcelona. Showcase competition. Diploma and bronze medal.<\/li><li>1958 \u2013 Brussels. International expo. Gold medal and diploma.<\/li><li>1959 \u2013 London. International expo. Collective gold medal.<\/li><li>1960 \u2013 Madrid. National expo Diploma and silver medal.<\/li><li>1961 \u2013 Nice. International expo. Gold medal and diploma.<\/li><li>1961 \u2013 Barcelona. Easter bunny competition. 2nd prize Silver medal and cash prize.<\/li><li>1962 \u2013 Stockholm. International expo. Diploma and gold medal.<\/li><li>1963 \u2013 Paris. Concession of the title and diploma of Aitre Patissier from the Gastronomic Club Prosper Montagne.<\/li><li>1967 \u2013 Lisbon. International expo. Diploma and gold medal.<\/li><li>1970 \u2013 M\u00e1laga. Congress and international exhibition. Diploma and gold medal.<\/li><li>1971 \u2013 Barcelona. Plaque of the provincial union for merits as a teacher.<\/li><li>1972 \u2013 Tarragona. Congress of the Skal Club. Bronze medal and trophy.<\/li><li>1976 \u2013 Barcelona alimentaria 76. Diploma and silver medal.<\/li><li>1979 \u2013 Valencia. Maicop Fair. Artistic work: gold medal. Typical pasta: bronze medal.<\/li><li>1981 \u2013 Barcelona. Participation in Expo Catalunya. Medal and diploma.<\/li><li>1983 \u2013 Madrid. International expo. Diploma and bronze medal.<\/li><li>1984 \u2013 Leon. International expo. 2nd prize Silver medal and diploma.<\/li><li>1985 \u2013 Tarragona. International expo and congress. 1st prize Gold medal and diploma.<\/li><li>1987 \u2013 Valencia. International expo. 1st extraordinary prize and diploma.<\/li><\/ul><p>Albert Giron\u00e8s has all these trophies on display in his studio, together with paintings and photographs, as well as his 62 professional books from the Library made over the years of Spanish and foreign books, as well as his five published books:<\/p><ul><li>1959 \u201cPiezas de pasteler\u00eda\u201d.<\/li><li>1962 \u201cDecoraci\u00f3n de centros\u201d.<\/li><li>1973 \u201cProfesi\u00f3n\u201d.<\/li><li>1984 \u201cSabor y color de las tartas\u201d. 1998 2nd edition renewed.<\/li><li>1993 \"C\u00f3mo aprender a decorar con el aer\u00f3grafo\". Book more cassette to project.<\/li><\/ul>\t\t\t\t\t\t\t\t<\/div>\n\t\t\t\t<\/div>\n\t\t\t\t<div class=\"elementor-element elementor-element-4e9bbdb elementor-widget elementor-widget-image\" data-id=\"4e9bbdb\" data-element_type=\"widget\" data-e-type=\"widget\" data-widget_type=\"image.default\">\n\t\t\t\t<div class=\"elementor-widget-container\">\n\t\t\t\t\t\t\t\t\t\t\t\t<figure class=\"wp-caption\">\n\t\t\t\t\t\t\t\t\t\t<img loading=\"lazy\" decoding=\"async\" width=\"1200\" height=\"655\" src=\"https:\/\/www.pastisseriagirones.cat\/wp-content\/uploads\/2022\/12\/Pastisseria-Girones-Historia-8.jpg\" class=\"attachment-full size-full wp-image-5057\" alt=\"History \u2013 Pastisseria Giron\u00e8s\" srcset=\"https:\/\/www.pastisseriagirones.cat\/wp-content\/uploads\/2022\/12\/Pastisseria-Girones-Historia-8.jpg 1200w, https:\/\/www.pastisseriagirones.cat\/wp-content\/uploads\/2022\/12\/Pastisseria-Girones-Historia-8-300x164.jpg 300w\" sizes=\"(max-width: 1200px) 100vw, 1200px\" \/>\t\t\t\t\t\t\t\t\t\t\t<figcaption class=\"widget-image-caption wp-caption-text\">The 5 books published by master pastry chef Albert Giron\u00e8s Costa<\/figcaption>\n\t\t\t\t\t\t\t\t\t\t<\/figure>\n\t\t\t\t\t\t\t\t\t<\/div>\n\t\t\t\t<\/div>\n\t\t\t\t\t<\/div>\n\t\t<\/div>\n\t\t\t\t\t<\/div>\n\t\t<\/section>\n\t\t\t\t<\/div>","protected":false},"excerpt":{"rendered":"<p>La Pastisseria Giron\u00e8s de Sant Feliu de Gu\u00edxols va obrir al p\u00fablic l\u2019any 1962. El seu propietari, Albert Giron\u00e8s Costa, despr\u00e9s d\u2019un llarg i exit\u00f3s historial professional, va voler establir-se a la seva ciutat natal, per\u00f2 abans expliquem el seu llarg recorregut fins arribar a aquesta fita. Ell va comen\u00e7ar l\u2019ofici a l\u2019Hostal la Gavina<br \/><a class=\"moretag\" href=\"https:\/\/www.pastisseriagirones.cat\/en\/historia\/\">+ Read More<\/a><\/p>","protected":false},"author":1,"featured_media":5072,"parent":0,"menu_order":0,"comment_status":"closed","ping_status":"closed","template":"templates\/page-fullwidth_template.php","meta":{"footnotes":""},"class_list":["post-528","page","type-page","status-publish","has-post-thumbnail","hentry"],"_links":{"self":[{"href":"https:\/\/www.pastisseriagirones.cat\/en\/wp-json\/wp\/v2\/pages\/528","targetHints":{"allow":["GET"]}}],"collection":[{"href":"https:\/\/www.pastisseriagirones.cat\/en\/wp-json\/wp\/v2\/pages"}],"about":[{"href":"https:\/\/www.pastisseriagirones.cat\/en\/wp-json\/wp\/v2\/types\/page"}],"author":[{"embeddable":true,"href":"https:\/\/www.pastisseriagirones.cat\/en\/wp-json\/wp\/v2\/users\/1"}],"replies":[{"embeddable":true,"href":"https:\/\/www.pastisseriagirones.cat\/en\/wp-json\/wp\/v2\/comments?post=528"}],"version-history":[{"count":3,"href":"https:\/\/www.pastisseriagirones.cat\/en\/wp-json\/wp\/v2\/pages\/528\/revisions"}],"predecessor-version":[{"id":6213,"href":"https:\/\/www.pastisseriagirones.cat\/en\/wp-json\/wp\/v2\/pages\/528\/revisions\/6213"}],"wp:featuredmedia":[{"embeddable":true,"href":"https:\/\/www.pastisseriagirones.cat\/en\/wp-json\/wp\/v2\/media\/5072"}],"wp:attachment":[{"href":"https:\/\/www.pastisseriagirones.cat\/en\/wp-json\/wp\/v2\/media?parent=528"}],"curies":[{"name":"wp","href":"https:\/\/api.w.org\/{rel}","templated":true}]}}